{"id":3,"date":"2023-02-06T18:24:21","date_gmt":"2023-02-06T16:24:21","guid":{"rendered":"https:\/\/farineracoromina.com\/?page_id=3"},"modified":"2024-02-07T13:37:25","modified_gmt":"2024-02-07T11:37:25","slug":"politica-de-privadesa","status":"publish","type":"page","link":"https:\/\/farineracoromina.com\/ca\/politica-de-privadesa\/","title":{"rendered":"POL\u00cdTICA DE PRIVACITAT"},"content":{"rendered":"\r\n<h2 class=\"vc_custom_heading vc_custom_1526896189026 wp-block-heading\">POL\u00cdTICA DE PROTECCI\u00d3 DE DADES PERSONALS<\/h2>\r\n<div class=\"vc_separator wpb_content_element vc_separator_align_center vc_sep_width_100 vc_sep_pos_align_center vc_separator_no_text vc_sep_color_grey\">\u00a0<\/div>\r\n<div class=\"nz-column-text nz-clearfix pfont-familyRoboto element-animate-false\" data-effect=\"none\" data-effect-speed=\"50\">\r\n<p><b>Abast de la pol\u00edtica de protecci\u00f3 de dades personals<\/b>\u00a0Aquesta pol\u00edtica de protecci\u00f3 de dades de car\u00e0cter personal abasta qualsevol tractament de dades que puguin produir-se en navegar o interaccionar per qualsevol de les nostres p\u00e0gines web o les xarxes socials en qu\u00e8 puguem tenir presencia (Facebook, Twitter, Instagram, etc.). Al final d\u2019aquest document s\u2018especifica informaci\u00f3 especial en el cas d\u2019\u00fas de les xarxes socials. Tamb\u00e9 s\u2019aplicar\u00e0 a qualsevol procediment intern de l\u2019empresa que requereixi la recollida de dades, sigui en formularis en format paper o qualsevol altre sistema.<\/p>\r\n<p>&nbsp;<\/p>\r\n<p>En qualsevol d\u2019aquests mitjans, vost\u00e8 podr\u00e0 consultar informaci\u00f3, i en alguns casos emplenar formularis, contestar enquestes, participar en concursos, realitzar consultes, enviar fotografies, realitzar comentaris, etc. i, per tant, proporcionar-nos informaci\u00f3 de dades de car\u00e0cter personal. Tots els tractaments estan subjectes a la nostra pol\u00edtica de privacitat.<\/p>\r\n<p>&nbsp;<\/p>\r\n<p><b>Qui \u00e9s el responsable del Tractament de les seves dades personals?<\/b><\/p>\r\n<p>En compliment de l\u2019establert en el Reglament (UE) 2016\/679 del Parlament Europeu\u00a0i\u00a0del Consell de 27 d\u2019abril del 2016, informem, que les dades de car\u00e0cter personal que ens proporcioni seran tractades per AGRI-ENERGIA, S.A., amb domicili social C\/Girona, 155 17820 Banyoles (Girona). CIF A17000837, correu electr\u00f2nic protecciodades@agrienergia.com<\/p>\r\n<p>&nbsp;<\/p>\r\n<p><b>Qui \u00e9s el Delegat de la protecci\u00f3 de dades personals?<\/b><\/p>\r\n<p>El delegat de la protecci\u00f3 de dades personals \u00e9s la persona encarregada de protegir el dret fonamental a la protecci\u00f3 de dades personals a Farinera Coromina. i s\u2019encarrega del compliment de la normativa de protecci\u00f3 de dades. Podran contactar amb el delegat de protecci\u00f3 de dades personals en la seg\u00fcent direcci\u00f3: protecciodades@agrienergia.com<\/p>\r\n<p>&nbsp;<\/p>\r\n<p><b>Quines dades personals es recullen i amb quina finalitat?<\/b><\/p>\r\n<table class=\"nz-table\">\r\n<thead>\r\n<tr>\r\n<td><b>Apartat<\/b><\/td>\r\n<td><b>Dades<\/b><\/td>\r\n<td><b>Finalitat i legitimaci\u00f3<\/b><\/td>\r\n<td><b>Destinataris<\/b><\/td>\r\n<\/tr>\r\n<\/thead>\r\n<tbody>\r\n<tr>\r\n<td>Formulari de contacte<\/td>\r\n<td>Nom, cognoms i correu electr\u00f2nic<\/td>\r\n<td>Respondre a la seva consulta, legitimat per la seva sol\u00b7licitud pr\u00e8via.<\/td>\r\n<td>Farinera Coromina<\/td>\r\n<\/tr>\r\n<tr>\r\n<td>Formulari de Newsletter<\/td>\r\n<td>Nom, cognoms i correu electr\u00f2nic<\/td>\r\n<td>Enviament d\u2019informaci\u00f3 comercial, legitimat amb el seu consentiment.<\/td>\r\n<td>Farinera Coromina<\/td>\r\n<\/tr>\r\n<tr>\r\n<td>Facebook<\/td>\r\n<td>Imatges i contingut audiovisual<\/td>\r\n<td>Publicaci\u00f3 d\u2019imatges i contingut audiovisual, legitimat amb el seu consentiment<\/td>\r\n<td>Farinera Coromina<\/td>\r\n<\/tr>\r\n<\/tbody>\r\n<\/table>\r\n<p>El seu consentiment pot ser revocat en qualsevol moment.<\/p>\r\n<p>Farinera Coromina utilitza eines per analitzar perfils, comportaments o prefer\u00e8ncies dels usuaris i posteriorment realitzar campanyes dirigides en funci\u00f3 d\u2019aquestes dades.<\/p>\r\n<p>&nbsp;<\/p>\r\n<p><b>Per quina ra\u00f3 s\u2019utilitzen les seves dades personals?<\/b><b><\/b><\/p>\r\n<p>A continuaci\u00f3, li expliquem la base legal que ens permet tractar les seves dades personals.<\/p>\r\n<ol>\r\n<li>En compliment d\u2019una relaci\u00f3 contractual.<\/li>\r\n<li>Quan ens d\u00f3na el seu consentiment.<\/li>\r\n<li>Per inter\u00e8s leg\u00edtim Farinera Coromina per \u00a0mostrar-li serveis, productes i iniciatives que puguin interessar-li.<\/li>\r\n<li>Compliment d\u2019obligacions imposades per llei.<\/li>\r\n<\/ol>\r\n<p>Els hi recordem que pot revocar el seu consentiment en qualsevol moment en la seg\u00fcent direcci\u00f3:\u00a0protecciodades@agrienergia.com<\/p>\r\n<p>&nbsp;<\/p>\r\n<p><b>Publicacions de fotos o v\u00eddeos en la p\u00e0gina web o en les xarxes socials<\/b><\/p>\r\n<p>Per la publicaci\u00f3 de fotografies o v\u00eddeos dels nostres treballadors, clients, usuaris o menors en la web o xarxes socials, com tamb\u00e9 per recopilar dades per realitzar un concurs o tractar qualsevol altra dada personal, pr\u00e8viament obtindrem el\u00a0consentiment\u00a0previ, expl\u00edcit, indiscutible\u00a0i informat del titular que, en el cas dels menors de 14 anys, s\u2019atorga pels pares o tutors legals.<\/p>\r\n<p>El tractament d\u2019aquestes fotos, acata\u00a0el principi de\u00a0proporcionalitat, \u00e9s a dir, nom\u00e9s es tracten estrictament per la finalitat per qu\u00e8 s\u2019ha donat el consentiment.<\/p>\r\n<p>&nbsp;<\/p>\r\n<p><b>Dades no pertinents<\/b><\/p>\r\n<p>Farinera Coromina adverteix a l\u2019usuari del fet que, llevat l\u2019exist\u00e8ncia d\u2019una representaci\u00f3 legalment constitu\u00efda, cap usuari pot utilitzar la identitat d\u2019una altra persona i comunicar les seves dades personals, aix\u00ed que l\u2019usuari en tot moment haur\u00e0 de tenir en compte que nom\u00e9s pot proporcionar dades personals corresponents a la seva pr\u00f2pia identitat i que seran adequades, pertinents, actuals, exactes i verdaderes.<\/p>\r\n<p>&nbsp;<\/p>\r\n<p><b>Quant de temps conservarem les seves dades?<\/b><\/p>\r\n<p>Farinera Coromina\u00a0guarda les seves dades personals mentre sigui necessari per a la finalitat que varen ser recopilades. Si la directriu \u00e9s diferent de la indicada en aquesta pol\u00edtica, es detalla en el document pertinent.<\/p>\r\n<p>&nbsp;<\/p>\r\n<p><b>A qui comunicarem les seves dades?<\/b><\/p>\r\n<p>Farinera Coromina nom\u00e9s cedir\u00e0 les seves dades en aquells serveis que s\u2019indiquen i en els casos previstos per una llei.<\/p>\r\n<p>No es realitzaran transfer\u00e8ncies internacionals de les seves dades personals.<\/p>\r\n<p>&nbsp;<\/p>\r\n<p>En el cas de les xarxes socials, tota la informaci\u00f3 i continguts publicats per l\u2019usuari\u00a0seran objecte de comunicaci\u00f3 i compartits amb dem\u00e8s usuaris que consultin aquesta xarxa social, per la mateixa naturalesa del servei.<\/p>\r\n<p>&nbsp;<\/p>\r\n<p><b>Mesures de seguretat<\/b><\/p>\r\n<p>Farinera Coromina assegura l\u2019absoluta confidencialitat i privacitat de les dades personals recollides i per aix\u00f2 s\u2019han adoptat mesures essencials de seguretat per evitar l\u2019alteraci\u00f3, p\u00e8rdua, tractament o acc\u00e9s no autoritzat i garantir aix\u00ed la seva integritat i seguretat.<\/p>\r\n<p>&nbsp;<\/p>\r\n<p>L\u2019usuari es compromet a fer un \u00fas diligent i a no posar a la disposici\u00f3 de tercers el seu nom d\u2019usuari i contrasenya, aix\u00ed mateix es compromet a posar a disposici\u00f3 Farinera Coromina qualsevol robatori, p\u00e8rdua o risc d\u2019acc\u00e9s de tercers al seu usuari.<\/p>\r\n<p>&nbsp;<\/p>\r\n<p><b>Quins s\u00f3n els drets quan ens facilita les seves dades personals?<\/b><\/p>\r\n<table class=\"nz-table\">\r\n<thead>\r\n<tr>\r\n<td><b>Dret<\/b><\/td>\r\n<td><b>Contingut<\/b><\/td>\r\n<td><b>Canal d\u2019atenci\u00f3<\/b><\/td>\r\n<\/tr>\r\n<\/thead>\r\n<tbody>\r\n<tr>\r\n<td>Acc\u00e9s<\/td>\r\n<td>Podr\u00e0 consultar les dades personals gestionades per Farinera Coromina.<\/td>\r\n<td rowspan=\"6\">protecciodades@agrienergia.com<\/td>\r\n<\/tr>\r\n<tr>\r\n<td>Rectificaci\u00f3<\/td>\r\n<td>Podr\u00e0 modificar les seves dades personals quan siguin inexactes.<\/td>\r\n<\/tr>\r\n<tr>\r\n<td>Supressi\u00f3<\/td>\r\n<td>Podr\u00e0 sol\u00b7licitar l\u2019eliminaci\u00f3 de les seves dades personals.<\/td>\r\n<\/tr>\r\n<tr>\r\n<td>Oposici\u00f3<\/td>\r\n<td>Podr\u00e0 sol\u00b7licitar que no es tractin les seves dades personals.<\/td>\r\n<\/tr>\r\n<tr>\r\n<td>Limitaci\u00f3 del tractament<\/td>\r\n<td>Podr\u00e0 sol\u00b7licitar la limitaci\u00f3 al tractament de les teves dades en els seg\u00fcents casos:\r\n<ul>\r\n<li>Mentre es comprova la impugnaci\u00f3 de l\u2019exactitud de les teves dades<\/li>\r\n<li>Quan Farinera Coromina \u00a0no necessiti tractar les seves dades, per\u00f2 vost\u00e8 les necessiti per l\u2019exercici o defensa de reclamacions.<\/li>\r\n<\/ul>\r\n<\/td>\r\n<\/tr>\r\n<tr>\r\n<td>Portabilitat<\/td>\r\n<td>Podr\u00e0 rebre en format electr\u00f2nic les dades que ens hagi facilitat en format electr\u00f2nic<\/td>\r\n<\/tr>\r\n<tr>\r\n<td colspan=\"3\">Si considera que no hem tractat les seves dades personals d\u2019acord amb la normativa pot contactar amb el delegat de protecci\u00f3 de dades a la direcci\u00f3 protecciodades@agrienergia.com.M\u2019algrat aix\u00f2, podr\u00e0 presentar una reclamaci\u00f3 davant l\u2019Agencia Espanyola de protecci\u00f3 de dades (www.agpd.es).<\/td>\r\n<\/tr>\r\n<tr>\r\n<td colspan=\"3\">Per exercir els seus drets, acompanyi a la seva sol\u00b7licitud una c\u00f2pia del seu DNI o document acreditatiu de la seva identitat.<\/td>\r\n<\/tr>\r\n<tr>\r\n<td colspan=\"3\">L\u2019exercici dels seus drets \u00e9s gratu\u00eft<\/td>\r\n<\/tr>\r\n<\/tbody>\r\n<\/table>\r\n<p>&nbsp;<\/p>\r\n<p><b>Xarxes socials<\/b><\/p>\r\n<p>El funcionament de les xarxes socials no est\u00e0 sota el control de Farinera Coromina, i per tant la informaci\u00f3 que publiqui ser\u00e0 compartida amb tots els usuaris que la consultin. Aix\u00ed mateix, aquestes xarxes permeten la interacci\u00f3 amb altres usuaris, i per tant, a continuaci\u00f3, es detallen algunes premisses que ha de tenir en compte.<\/p>\r\n<p>L\u2019objecte de la utilitzaci\u00f3 de les xarxes socials \u00e9s donar visibilitat i difusi\u00f3 de tots els productes que desenvolupa Farinera Coromina.<\/p>\r\n<p>En principi, s\u2019aplica la mateixa pol\u00edtica de protecci\u00f3 de dades especificada en aquest document, quant a la recollida, tractament i cessi\u00f3 de dades.<\/p>\r\n<p>L\u2019usuari s\u2019ha de comprometre a:<\/p>\r\n<ul>\r\n<li>No publicar informacions que no responguin als requisits de veracitat, inter\u00e8s p\u00fablic i respecte a la dignitat de les persones. En especial, l\u2019usuari haur\u00e0 d\u2019evitar tota conducta que pugui atemptar contra el principi de no discriminaci\u00f3 per raons de sexe, ra\u00e7a, religi\u00f3, ideologia o qualsevol altra circumst\u00e0ncia personal o social, i contra la intimitat, l\u2019honor i la mateixa imatge, sent el responsable final sobre la veracitat i legalitat dels continguts que publiqui.<\/li>\r\n<li>No gravar ni publicar imatges, v\u00eddeos o qualsevol altre tipus de registre sense el consentiment dels afectats.<\/li>\r\n<\/ul>\r\n<p>Farinera Coromina no s\u2019identifica amb les opinions expressades per altres ni amb la ideologia dels perfils amb qu\u00e8 tingui amistat en cap xarxa social.<\/p>\r\n<p>Farinera Coromina es reserva el dret d\u2019eliminar de les seves xarxes socials qualsevol informaci\u00f3 publicada per altres que vulneri la legalitat, inciti a fer-lo, o contingui missatges que atemptin contra la dignitat de persones o institucions. Aix\u00ed com de bloquejar o denunciar el perfil de l\u2019autor d\u2019aquests missatges.<\/p>\r\n<p>Recomanacions als\/els usuaris\/es<\/p>\r\n<ul>\r\n<li>Revisi i llegeixi les condicions generals d\u2019\u00fas i la pol\u00edtica de privacitat de la xarxa social en el moment de registrar-se.<\/li>\r\n<li>Aprengui les possibilitats de configuraci\u00f3 i utilitzaci\u00f3 que la xarxa ofereix.<\/li>\r\n<li>Configuri adequadament el grau de privacitat del perfil de l\u2019usuari en la xarxa social.<\/li>\r\n<li>No publiqui informaci\u00f3 excessiva sobre la seva vida personal i familiar.<\/li>\r\n<li>Tingui compte amb \u00a0la publicaci\u00f3 de continguts audiovisuals i \u00a0gr\u00e0fics en el seu perfil, especialment si s\u2019allotgen imatges relatives a terceres persones.<\/li>\r\n<li>No ofereixi dades de tercers sense el previ consentiment d\u2019aquests.<\/li>\r\n<\/ul>\r\n<p>&nbsp;<\/p>\r\n<p>Las xarxes socials gestionades per Farinera Coromina, s\u00f3n:<\/p>\r\n<table class=\"nz-table\">\r\n<thead>\r\n<tr>\r\n<td><b>Xarxa<\/b><\/td>\r\n<td><b>Direcci\u00f3<\/b><\/td>\r\n<\/tr>\r\n<\/thead>\r\n<tbody>\r\n<tr>\r\n<td>Facebook<\/td>\r\n<td>https:\/\/www.facebook.com\/farineracoromina1897\/<\/td>\r\n<\/tr>\r\n<tr>\r\n<td>Youtube<\/td>\r\n<td>https:\/\/www.youtube.com\/channel\/UCfukVFXuPbM-NSBj2tzw1Ug<\/td>\r\n<\/tr>\r\n<tr>\r\n<td>Instagram<\/td>\r\n<td>https:\/\/www.instagram.com\/farineracoromina\/<\/td>\r\n<\/tr>\r\n<\/tbody>\r\n<\/table>\r\n<\/div>\r\n","protected":false},"excerpt":{"rendered":"<p>POL\u00cdTICA DE PROTECCI\u00d3 DE DADES PERSONALS \u00a0 Abast de la pol\u00edtica de protecci\u00f3 de dades personals\u00a0Aquesta pol\u00edtica de protecci\u00f3 de dades de car\u00e0cter personal abasta qualsevol tractament de dades que puguin produir-se<\/p>\n","protected":false},"author":1,"featured_media":0,"parent":0,"menu_order":0,"comment_status":"closed","ping_status":"open","template":"","meta":{"_acf_changed":false,"footnotes":""},"class_list":["post-3","page","type-page","status-publish","hentry"],"acf":[],"_links":{"self":[{"href":"https:\/\/farineracoromina.com\/ca\/wp-json\/wp\/v2\/pages\/3","targetHints":{"allow":["GET"]}}],"collection":[{"href":"https:\/\/farineracoromina.com\/ca\/wp-json\/wp\/v2\/pages"}],"about":[{"href":"https:\/\/farineracoromina.com\/ca\/wp-json\/wp\/v2\/types\/page"}],"author":[{"embeddable":true,"href":"https:\/\/farineracoromina.com\/ca\/wp-json\/wp\/v2\/users\/1"}],"replies":[{"embeddable":true,"href":"https:\/\/farineracoromina.com\/ca\/wp-json\/wp\/v2\/comments?post=3"}],"version-history":[{"count":3,"href":"https:\/\/farineracoromina.com\/ca\/wp-json\/wp\/v2\/pages\/3\/revisions"}],"predecessor-version":[{"id":16987,"href":"https:\/\/farineracoromina.com\/ca\/wp-json\/wp\/v2\/pages\/3\/revisions\/16987"}],"wp:attachment":[{"href":"https:\/\/farineracoromina.com\/ca\/wp-json\/wp\/v2\/media?parent=3"}],"curies":[{"name":"wp","href":"https:\/\/api.w.org\/{rel}","templated":true}]}}